{"id":71,"date":"2013-09-17T09:02:33","date_gmt":"2013-09-17T08:02:33","guid":{"rendered":"http:\/\/www.regard-emoi.fr\/?page_id=71"},"modified":"2017-12-31T14:58:49","modified_gmt":"2017-12-31T13:58:49","slug":"accueil","status":"publish","type":"page","link":"https:\/\/www.regard-emoi.fr\/","title":{"rendered":"ACCUEIL"},"content":{"rendered":"<blockquote><p><strong><img loading=\"lazy\" decoding=\"async\" class=\"alignnone size-medium wp-image-1044\" src=\"http:\/\/www.regard-emoi.fr\/wp-content\/uploads\/2017\/05\/DSC1519-300x200.jpg\" alt=\"\" width=\"300\" height=\"200\" \/> <img loading=\"lazy\" decoding=\"async\" class=\"alignnone size-medium wp-image-1042\" src=\"http:\/\/www.regard-emoi.fr\/wp-content\/uploads\/2017\/05\/DSC2160-300x152.jpg\" alt=\"\" width=\"300\" height=\"152\" \/> <img loading=\"lazy\" decoding=\"async\" class=\"alignnone size-medium wp-image-1038\" src=\"http:\/\/www.regard-emoi.fr\/wp-content\/uploads\/2017\/05\/DSC_3087-300x199.jpg\" alt=\"\" width=\"300\" height=\"199\" \/><\/strong><\/p>\n<div id=\"attachment_1039\" style=\"width: 242px\" class=\"wp-caption alignnone\"><img loading=\"lazy\" decoding=\"async\" aria-describedby=\"caption-attachment-1039\" class=\"size-medium wp-image-1039\" src=\"http:\/\/www.regard-emoi.fr\/wp-content\/uploads\/2017\/05\/DSC1426-232x300.jpg\" alt=\"\" width=\"232\" height=\"300\" \/><p id=\"caption-attachment-1039\" class=\"wp-caption-text\">GRUE ROYALE<\/p><\/div>\n<div id=\"attachment_1037\" style=\"width: 310px\" class=\"wp-caption alignnone\"><img loading=\"lazy\" decoding=\"async\" aria-describedby=\"caption-attachment-1037\" class=\"size-medium wp-image-1037\" src=\"http:\/\/www.regard-emoi.fr\/wp-content\/uploads\/2017\/05\/DSC1225-300x200.jpg\" alt=\"\" width=\"300\" height=\"200\" \/><p id=\"caption-attachment-1037\" class=\"wp-caption-text\">ROLLIER<\/p><\/div>\n<p><strong><img loading=\"lazy\" decoding=\"async\" class=\"alignnone size-medium wp-image-1036\" src=\"http:\/\/www.regard-emoi.fr\/wp-content\/uploads\/2017\/05\/DSC1170-300x266.jpg\" alt=\"\" width=\"300\" height=\"266\" \/><\/strong><\/p>\n<p>&nbsp;<\/p>\n<p><strong>l&rsquo;Ouzb\u00e9kistan en passant par la route de la soie<\/strong><\/p>\n<p><a href=\"http:\/\/www.blurb.fr\/b\/3420240-la-route-de-la-soie\">livre: le bleu ouzb\u00e8que<\/a><\/p>\n<p><img loading=\"lazy\" decoding=\"async\" class=\"alignnone size-medium wp-image-885\" src=\"http:\/\/www.regard-emoi.fr\/wp-content\/uploads\/2015\/07\/DSC_2815-300x199.jpg\" alt=\"OUZBEKISTAN\" width=\"300\" height=\"199\" \/><\/p>\n<p><strong>\u00a0VUES DU COSTA RICA ET NICARAGUA : un 100% nature<\/strong><\/p>\n<p><img loading=\"lazy\" decoding=\"async\" class=\"alignnone size-medium wp-image-990\" src=\"http:\/\/www.regard-emoi.fr\/wp-content\/uploads\/2016\/02\/DSC3014-300x200.jpg\" alt=\"COSTA RICA\" width=\"300\" height=\"200\" \/><\/p>\n<p><a href=\"http:\/\/www.blurb.fr\/bookstore\/invited\/6200500\/7b973459d4e0b7ceef8945fea19a286e302e9b87\">livre Costa Rica &amp; Nicaragua<\/a><\/p>\n<p><strong>MADAGASCAR :<\/strong><\/p>\n<p>Un deuxi\u00e8me livre plus complet vous d\u00e9couvrir la partie ouest et sud de l&rsquo;ile.<\/p>\n<p><strong><a href=\"http:\/\/www.blurb.fr\/bookstore\/invited\/6287291\/5744d2c4a117320b581c556db6038d808c6c4bfc\">Mada la rouge<\/a><br \/>\n<a href=\"http:\/\/www.regard-emoi.fr\/wp-content\/uploads\/2015\/06\/DSC7551.jpg\"><br \/>\n<\/a><br \/>\n<\/strong><\/p>\n<p><a href=\"http:\/\/www.blurb.fr\/bookstore\/invited\/5737127\/e3c125b41bc190ba26981557d83f3b7b9923d51f\">Livre Madagascar<\/a><\/p>\n<div id=\"attachment_846\" style=\"width: 310px\" class=\"wp-caption aligncenter\"><a href=\"http:\/\/www.regard-emoi.fr\/wp-content\/uploads\/2015\/06\/DSC7535-e1437428170481.jpg\"><img loading=\"lazy\" decoding=\"async\" aria-describedby=\"caption-attachment-846\" class=\"size-medium wp-image-846\" src=\"http:\/\/www.regard-emoi.fr\/wp-content\/uploads\/2015\/06\/DSC7535-300x200.jpg\" alt=\"MADAGASCAR\" width=\"300\" height=\"200\" \/><\/a><p id=\"caption-attachment-846\" class=\"wp-caption-text\">MADAGASCAR<\/p><\/div>\n<div id=\"attachment_916\" style=\"width: 310px\" class=\"wp-caption aligncenter\"><a href=\"http:\/\/www.regard-emoi.fr\/wp-content\/uploads\/2013\/09\/DSC7020-e1440451077914.jpg\"><img loading=\"lazy\" decoding=\"async\" aria-describedby=\"caption-attachment-916\" class=\"size-medium wp-image-916\" src=\"http:\/\/www.regard-emoi.fr\/wp-content\/uploads\/2013\/09\/DSC7020-300x200.jpg\" alt=\"regard d'enfant\" width=\"300\" height=\"200\" \/><\/a><p id=\"caption-attachment-916\" class=\"wp-caption-text\">regard d&rsquo;enfant<\/p><\/div>\n<div id=\"attachment_917\" style=\"width: 310px\" class=\"wp-caption aligncenter\"><a href=\"http:\/\/www.regard-emoi.fr\/wp-content\/uploads\/2013\/09\/DSC7981-e1440451165652.jpg\"><img loading=\"lazy\" decoding=\"async\" aria-describedby=\"caption-attachment-917\" class=\"size-medium wp-image-917\" src=\"http:\/\/www.regard-emoi.fr\/wp-content\/uploads\/2013\/09\/DSC7981-300x200.jpg\" alt=\"la boutre\" width=\"300\" height=\"200\" \/><\/a><p id=\"caption-attachment-917\" class=\"wp-caption-text\">la boutre<\/p><\/div>\n<p><a href=\"http:\/\/www.regard-emoi.fr\/wp-content\/uploads\/2015\/06\/DSC7827-e1437428243987.jpg\"><br \/>\n<\/a><strong>Belle r\u00e9ussite du festival le \u00ab\u00a0Buis blues\u00a0\u00bb<\/strong><\/p>\n<p><a href=\"http:\/\/www.regard-emoi.fr\/wp-content\/uploads\/2013\/09\/DSC0327-e1440450485455.jpg\"><img loading=\"lazy\" decoding=\"async\" class=\"aligncenter size-medium wp-image-913\" src=\"http:\/\/www.regard-emoi.fr\/wp-content\/uploads\/2013\/09\/DSC0327-300x200.jpg\" alt=\"le Buis blues\" width=\"300\" height=\"200\" \/><\/a> <a href=\"http:\/\/www.regard-emoi.fr\/wp-content\/uploads\/2015\/08\/DSC0399-e1440399896763.jpg\"><img loading=\"lazy\" decoding=\"async\" class=\"aligncenter size-medium wp-image-908\" src=\"http:\/\/www.regard-emoi.fr\/wp-content\/uploads\/2015\/08\/DSC0399-238x300.jpg\" alt=\"THE END\" width=\"238\" height=\"300\" \/><\/a><a href=\"http:\/\/www.regard-emoi.fr\/wp-content\/uploads\/2015\/08\/DSC0326-e1440400019671.jpg\"><img loading=\"lazy\" decoding=\"async\" class=\"aligncenter size-medium wp-image-903\" src=\"http:\/\/www.regard-emoi.fr\/wp-content\/uploads\/2015\/08\/DSC0326-300x200.jpg\" alt=\"BUIS BLUES\" width=\"300\" height=\"200\" \/><\/a><\/p>\n<p>Naviguez sur mon site pour faire des escales Photographiques &#8230;<\/p>\n<p>&nbsp;<\/p>\n<p><a href=\"http:\/\/www.regard-emoi.fr\/wp-content\/uploads\/2015\/04\/DSC5406-e1429302959817.jpg\"><br \/>\n<\/a><\/p>\n<p>&nbsp;<\/p>\n<p><strong>Les NEWS :<\/strong><\/p>\n<p>&nbsp;<\/p>\n<p>le dernier livre: \u00a0<strong><a title=\"la birmanie\" href=\"http:\/\/blur.by\/1qSYLjq\">la BIRMANIE<\/a><\/strong>\u00a0 130 pages en grand format \u00a0 \u00a033 cm X 28 cm<\/p>\n<p><strong>TROIS LIVRES \u00a0ont \u00e9t\u00e9 \u00e9dit\u00e9s:<\/strong><\/p>\n<ul>\n<li><a title=\"planete limousin\" href=\"http:\/\/www.blurb.fr\/b\/3423035-planete-limousin\">Plan\u00e8te Limousin<\/a><\/li>\n<li><a title=\"PRAGUE\" href=\"http:\/www.blurb.fr\/b\/2468375-prague-l-elegance-de-la-boheme\">PRAGUE l&rsquo;\u00e9l\u00e9gance de la boh\u00e8me<\/a><\/li>\n<li><a title=\"l'Inde du Sud \" href=\"http:\/\/blur.by\/1rB2WRn\">l&rsquo;INde du sud : le K\u00e9rala et le Tamil Nadou<\/a><\/li>\n<\/ul>\n<p><strong>Une visite \u00ab\u00a0priv\u00e9e\u00a0\u00bb au ch\u00e2teau de Walmath<\/strong>: Si Walmath m&rsquo;\u00e9tait cont\u00e9\u00a0\u00bb<\/p>\n<p>Le<a href=\"http:\/\/www.1001salles.com\/mariage\/CHATEAU-DE-WALMATH.aspx\">\u00a0Ch\u00e2teau de Walmath<\/a>\u00a0 Ch\u00e2teau pour vos r\u00e9ceptions \u00e0 St Laurent les Eglises<\/p>\n<p><a href=\"http:\/\/www.domainecombegrande.fr\">\u00a0<\/a><\/p>\n<p>Bonne visite<\/p>\n<p>&nbsp;<\/p>\n<p><a href=\"http:\/\/www.regard-emoi.fr\/wp-content\/uploads\/2013\/09\/DSC00070.jpg\"><img loading=\"lazy\" decoding=\"async\" class=\"alignnone size-medium wp-image-136\" src=\"http:\/\/www.regard-emoi.fr\/wp-content\/uploads\/2013\/09\/DSC00070-300x249.jpg\" alt=\" \" width=\"300\" height=\"249\" srcset=\"https:\/\/www.regard-emoi.fr\/wp-content\/uploads\/2013\/09\/DSC00070-300x249.jpg 300w, https:\/\/www.regard-emoi.fr\/wp-content\/uploads\/2013\/09\/DSC00070-1024x850.jpg 1024w\" sizes=\"auto, (max-width: 300px) 100vw, 300px\" \/><\/a><\/p>\n<p>Dominique<\/p><\/blockquote>\n","protected":false},"excerpt":{"rendered":"<p>&nbsp; l&rsquo;Ouzb\u00e9kistan en passant par la route de la soie livre: le bleu ouzb\u00e8que \u00a0VUES DU COSTA RICA ET NICARAGUA : un 100% nature livre Costa Rica &amp; Nicaragua MADAGASCAR : Un deuxi\u00e8me livre plus complet vous d\u00e9couvrir la partie &hellip; <a href=\"https:\/\/www.regard-emoi.fr\/\">Continuer la lecture <span class=\"meta-nav\">&rarr;<\/span><\/a><\/p>\n","protected":false},"author":1,"featured_media":1017,"parent":0,"menu_order":0,"comment_status":"open","ping_status":"closed","template":"","meta":{"footnotes":""},"class_list":["post-71","page","type-page","status-publish","has-post-thumbnail","hentry"],"_links":{"self":[{"href":"https:\/\/www.regard-emoi.fr\/index.php?rest_route=\/wp\/v2\/pages\/71","targetHints":{"allow":["GET"]}}],"collection":[{"href":"https:\/\/www.regard-emoi.fr\/index.php?rest_route=\/wp\/v2\/pages"}],"about":[{"href":"https:\/\/www.regard-emoi.fr\/index.php?rest_route=\/wp\/v2\/types\/page"}],"author":[{"embeddable":true,"href":"https:\/\/www.regard-emoi.fr\/index.php?rest_route=\/wp\/v2\/users\/1"}],"replies":[{"embeddable":true,"href":"https:\/\/www.regard-emoi.fr\/index.php?rest_route=%2Fwp%2Fv2%2Fcomments&post=71"}],"version-history":[{"count":88,"href":"https:\/\/www.regard-emoi.fr\/index.php?rest_route=\/wp\/v2\/pages\/71\/revisions"}],"predecessor-version":[{"id":1055,"href":"https:\/\/www.regard-emoi.fr\/index.php?rest_route=\/wp\/v2\/pages\/71\/revisions\/1055"}],"wp:featuredmedia":[{"embeddable":true,"href":"https:\/\/www.regard-emoi.fr\/index.php?rest_route=\/wp\/v2\/media\/1017"}],"wp:attachment":[{"href":"https:\/\/www.regard-emoi.fr\/index.php?rest_route=%2Fwp%2Fv2%2Fmedia&parent=71"}],"curies":[{"name":"wp","href":"https:\/\/api.w.org\/{rel}","templated":true}]}}